{"id":5350,"date":"2025-07-24T14:00:55","date_gmt":"2025-07-24T12:00:55","guid":{"rendered":"https:\/\/flamaecol.sk\/?post_type=product&#038;p=5350"},"modified":"2025-12-03T11:00:37","modified_gmt":"2025-12-03T09:00:37","slug":"la-nordica-rosa-xxl-maiolica","status":"publish","type":"product","link":"https:\/\/flamaecol.sk\/en\/produkt\/la-nordica-rosa-xxl-maiolica\/","title":{"rendered":"La Nordica Rosa XXL Maiolica"},"content":{"rendered":"<h2>Kuchynk\u00fd spor\u00e1k La Nordica Rosa XXL Maiolica<\/h2>\n<div><\/div>\n<div>Krb, k\u00farenie, varenie a pe\u010denie &#8211; to je kuchynsk\u00fd spor\u00e1k na drevo Rosa XXL Maiolica. Kvalitn\u00fd, \u00fa\u010dinn\u00fd, ekologick\u00fd, teplovzdu\u0161n\u00fd.<\/div>\n<div><\/div>\n<p>Dvojit\u00e9 zasklenie spa\u013eovacej komory zamedz\u00ed ne\u017eiad\u00facemu teplu pri varen\u00ed, kr\u00e1\u013eovsk\u00e1 ve\u013ekos\u0165 r\u00fary a teplomer vn\u00fatri, umo\u017e\u0148uje piec\u0165 ako v klasickej r\u00fare. <br class=\"avia-permanent-lb\" \/><br class=\"avia-permanent-lb\" \/>Br\u00fasen\u00e1 liatinov\u00e1 plat\u0148a kr\u00e1sne vedie teplo, spodn\u00e9 vystu\u017eenie zamedzuje deform\u00e1ci\u00e1m a prasknutiu, v\u00fdvod dymovodu uprostred umo\u017e\u0148uje pripojenie na kom\u00edn z \u013eava i z prava. <br class=\"avia-permanent-lb\" \/>Liatinov\u00e9 predn\u00e9 dvierka nemenia tvar nech s\u00fa studen\u00e9 alebo hor\u00face, v\u017edy dokonale tesnia. <br class=\"avia-permanent-lb\" \/>Otv\u00e1racie k\u013eu\u010dky s\u00fa potiahnut\u00e9 tefl\u00f3nom, tak\u017ee nep\u00e1lia, bo\u010dn\u00e9 kryty maj\u00fa vzduchov\u00e9 prieduchy pre konvek\u010dn\u00fd ohrev vzduchu, chr\u00f3movan\u00e9 madlo okolo celej platne zamedzuje nechcen\u00e9 pop\u00e1lenia. <br class=\"avia-permanent-lb\" \/>Spa\u013eovac\u00ed proces horenia dreva prebieha v troch f\u00e1zach a preto je mal\u00e1 spotreba\u00a0 s produkciou maxim\u00e1lneho zhodnotenia na varenie, pe\u010denie ale aj vyk\u00farenie priestoru. <br class=\"avia-permanent-lb\" \/><br class=\"avia-permanent-lb\" \/><\/p>\n<p><strong>POPIS<\/strong><\/p>\n<ul>\n<li><span class=\"x3jgonx\">Mas\u00edvny kach\u013eov\u00fd obklad spor\u00e1ka<\/span><\/li>\n<li><span class=\"x3jgonx\">Obrovsk\u00e1 liatinov\u00e1 varn\u00e1 plat\u0148a<\/span><\/li>\n<li><span class=\"x3jgonx\">Chr\u00f3movan\u00fd r\u00e1m okolo platne<\/span><\/li>\n<li><span class=\"x3jgonx\">Pozinkovan\u00e1 a smaltovan\u00e1 oce\u013e<\/span><\/li>\n<li><span class=\"x3jgonx\">Liatinov\u00e9 ohnisko so \u0161amotovou v\u00fdmurovkou<\/span><\/li>\n<li><span class=\"x3jgonx\">Smaltovan\u00e1 r\u00fara s objemom 78 litrov<\/span><\/li>\n<li><span class=\"x3jgonx\">Integrovan\u00fd teplomer r\u00fary na pe\u010denie<\/span><\/li>\n<li><span class=\"x3jgonx\">Integrovan\u00fd v\u00fdsuvn\u00fd \u00falo\u017en\u00fd priestor v spodnej \u010dasti<\/span><\/li>\n<li><span class=\"x3jgonx\">Prep\u00ednacia klapka pre mo\u017enos\u0165 varenia alebo varenia a pe\u010denia<\/span><\/li>\n<li><span class=\"x3jgonx\">Dvojit\u00e9 presklenie spa\u013eovacej komory<\/span><\/li>\n<li><span class=\"x3jgonx\">Vysok\u00e1 \u00fa\u010dinnos\u0165 87,3 %<\/span><span class=\"x3jgonx\"><br class=\"avia-permanent-lb\" \/><\/span><\/li>\n<\/ul>\n<div><\/div>\n<div><strong>TECHNICK\u00c9 PARAMETRE<\/strong><\/div>\n<div>Menovit\u00fd v\u00fdkon do vzduchu: 11 kW<\/div>\n<div>Maxim\u00e1lna hodinov\u00e1 spotreba dreva: 2,85 kg \/ h<\/div>\n<div>Priemer dymovodu: 150 mm<\/div>\n<div>V\u00fdvod dymovodu: horn\u00fd \/ zadn\u00fd<\/div>\n<div>\u00da\u010dinnos\u0165: 87,3%<\/div>\n<div>Hmotnos\u0165: 235 kg<\/div>\n<div>V\u00fdhrevnos\u0165 priestoru a\u017e 315 m\u00b3<\/div>\n<div>V\u00fd\u0161ka: 861 mm<\/div>\n<div>\u0160\u00edrka: 1074 mm<\/div>\n<div>H\u013abka: 669 mm<\/div>\n<div>Smaltovan\u00e1 r\u00fara v objeme 78 L<\/div>\n<div>Obklad: kachle vo farbe bord\u00f3,biela<\/div>\n<div>Pr\u00edvod extern\u00e9ho vzduchu : 120 mm<\/div>\n<div>Kon\u0161trukcia spa\u013eovacieho priestoru: Liatina, \u0161peci\u00e1lny \u0161amot<\/div>\n<div>Typ ro\u0161tu: v\u00fdsuvn\u00fd<\/div>\n<div>Popoln\u00edk: vyberate\u013en\u00fd<\/div>\n<div>Ve\u013ekos\u0165 polien: 400 mm<\/div>\n<div>Rozmer r\u00fary na pe\u010denie : 418x436x430mm<\/div>\n<div>Prenos tepla: s\u00e1lan\u00edm konvekcia<\/div>\n","protected":false},"excerpt":{"rendered":"<p><span class=\"x3jgonx\">Tento typ sa p\u00fd\u0161i najv\u00e4\u010d\u0161ou r\u00farou na pe\u010denie na trhu s objemom 78L.<\/span><\/p>\n","protected":false},"featured_media":5360,"comment_status":"open","ping_status":"closed","template":"","meta":[],"product_brand":[],"product_cat":[216,219],"product_tag":[],"class_list":{"0":"post-5350","1":"product","2":"type-product","3":"status-publish","4":"has-post-thumbnail","6":"product_cat-sporaky","7":"product_cat-nordica-sporaky","9":"first","10":"instock","11":"taxable","12":"shipping-taxable","13":"purchasable","14":"product-type-simple"},"_links":{"self":[{"href":"https:\/\/flamaecol.sk\/en\/wp-json\/wp\/v2\/product\/5350","targetHints":{"allow":["GET"]}}],"collection":[{"href":"https:\/\/flamaecol.sk\/en\/wp-json\/wp\/v2\/product"}],"about":[{"href":"https:\/\/flamaecol.sk\/en\/wp-json\/wp\/v2\/types\/product"}],"replies":[{"embeddable":true,"href":"https:\/\/flamaecol.sk\/en\/wp-json\/wp\/v2\/comments?post=5350"}],"wp:featuredmedia":[{"embeddable":true,"href":"https:\/\/flamaecol.sk\/en\/wp-json\/wp\/v2\/media\/5360"}],"wp:attachment":[{"href":"https:\/\/flamaecol.sk\/en\/wp-json\/wp\/v2\/media?parent=5350"}],"wp:term":[{"taxonomy":"product_brand","embeddable":true,"href":"https:\/\/flamaecol.sk\/en\/wp-json\/wp\/v2\/product_brand?post=5350"},{"taxonomy":"product_cat","embeddable":true,"href":"https:\/\/flamaecol.sk\/en\/wp-json\/wp\/v2\/product_cat?post=5350"},{"taxonomy":"product_tag","embeddable":true,"href":"https:\/\/flamaecol.sk\/en\/wp-json\/wp\/v2\/product_tag?post=5350"}],"curies":[{"name":"wp","href":"https:\/\/api.w.org\/{rel}","templated":true}]}}