{"id":5273,"date":"2025-07-22T16:00:04","date_gmt":"2025-07-22T14:00:04","guid":{"rendered":"https:\/\/flamaecol.sk\/?post_type=product&#038;p=5273"},"modified":"2025-07-22T16:37:38","modified_gmt":"2025-07-22T14:37:38","slug":"la-nordica-milly","status":"publish","type":"product","link":"https:\/\/flamaecol.sk\/en\/produkt\/la-nordica-milly\/","title":{"rendered":"La Nordica Milly"},"content":{"rendered":"<h2>Kuchynsk\u00fd spor\u00e1k La Nordica Milly <br class=\"avia-permanent-lb\" \/><\/h2>\n<p><span class=\"x3jgonx\">Kvalitn\u00fd liatinov\u00fd spor\u00e1k na k\u00farenie drevom a dreven\u00fdmi briketami s presklen\u00fdm ohniskom a dekorat\u00edvnym kach\u013eov\u00fdm obkladom dvierok, zaru\u010duj\u00face n\u00e1dhern\u00fd vzh\u013ead. <br class=\"avia-permanent-lb\" \/>Kach\u013eov\u00e9 oblo\u017eenie je pon\u00fakan\u00e9 v dvoch farebn\u00fdch variantoch \u2013 bord\u00f3 a biela. <br class=\"avia-permanent-lb\" \/>Tento typ spor\u00e1ka sa p\u00fd\u0161i najv\u00e4\u010d\u0161ou r\u00farou na pe\u010denie na trhu s objemom 78 l. R\u00fara je obojstranne smaltovan\u00e1, teda jej povrch je odoln\u00fd proti prep\u00e1leniu a \u013eahko sa udr\u017euje. <br class=\"avia-permanent-lb\" \/>Vo dvierkach r\u00fary je integrovan\u00fd teplomer na r\u00fdchlu a presn\u00fa kontrolu teploty, ktor\u00fd tak zaru\u010duje pohodln\u00e9 pe\u010denie. <br class=\"avia-permanent-lb\" \/>Ako jeden z m\u00e1la spor\u00e1kov na trhu, umo\u017e\u0148uje v zadnej \u010dasti napojenie na extern\u00fd pr\u00edvod vzduchu a ne\u010derp\u00e1 tak vzduch na horenie z miestnosti.<\/span><br \/>\n<span class=\"x3jgonx\">Kon\u0161trukcia je mas\u00edvna liatinov\u00e1.<\/span><\/p>\n<ul>\n<li><span class=\"x3jgonx\">Kach\u013eov\u00fd obklad dvierok spor\u00e1ka<\/span><\/li>\n<li><span class=\"x3jgonx\">Varianty spor\u00e1ka vo farb\u00e1ch bordovej a bielej<\/span><\/li>\n<li><span class=\"x3jgonx\">Obrovsk\u00e1 liatinov\u00e1 varn\u00e1 plat\u0148a<\/span><\/li>\n<li><span class=\"x3jgonx\">Chr\u00f3movan\u00fd r\u00e1m okolo platne<\/span><\/li>\n<li><span class=\"x3jgonx\">Pozinkovan\u00e1 a smaltovan\u00e1 oce\u013e<\/span><\/li>\n<li><span class=\"x3jgonx\">Liatinov\u00e9 ohnisko s keramickou v\u00fdmurovkou<\/span><\/li>\n<li><span class=\"x3jgonx\">Smaltovan\u00e1 r\u00fara s objemom 78 litrov<\/span><\/li>\n<li><span class=\"x3jgonx\">Integrovan\u00fd teplomer r\u00fary na pe\u010denie<\/span><\/li>\n<li><span class=\"x3jgonx\">Integrovan\u00fd v\u00fdsuvn\u00fd \u00falo\u017en\u00fd priestor v spodnej \u010dasti<\/span><\/li>\n<li><span class=\"x3jgonx\">Prep\u00ednacia klapka pre mo\u017enos\u0165 varenia alebo varenia a pe\u010denia<\/span><\/li>\n<li><span class=\"x3jgonx\">Dvojit\u00e9 presklenie spa\u013eovacej komory<\/span><\/li>\n<li><span class=\"x3jgonx\">Vysok\u00e1 \u00fa\u010dinnos\u0165 &gt; 89,1 %<\/span><\/li>\n<\/ul>\n<h2><strong style=\"font-size: 16px\">TECHNICK\u00c9 PARAMETRE<\/strong><\/h2>\n<div>Menovit\u00fd v\u00fdkon do vzduchu: 8,7 kW<\/div>\n<div>Rozsah v\u00fdkonu : 4-10 kW<\/div>\n<div>Maxim\u00e1lna hodinov\u00e1 spotreba dreva: 2,3 kg \/ h<\/div>\n<div>\u00da\u010dinnos\u0165: 89,1 %<\/div>\n<div>Hmotnos\u0165: 217 kg<\/div>\n<div>V\u00fdhrevnos\u0165 priestoru : 238 m\u00b3<\/div>\n<div>Priemer dymovodu : 150 mm<\/div>\n<div>Priemer r\u00fary pre pr\u00edvod extern\u00e9ho vzduchu: 100 mm<\/div>\n<div>V\u00fd\u0161ka: 865 mm<\/div>\n<div>\u0160\u00edrka: 1050 mm<\/div>\n<div>H\u013abka: 670 mm<\/div>\n<div>Typ spa\u013eovania: Trojstup\u0148ov\u00e9<\/div>\n<div>Farba: Bord\u00e9o,Biela<\/div>\n<div>Ve\u013ekos\u0165 polien: 450 mm<\/div>\n<div>Ve\u013ekos\u0165 pe\u010diacej r\u00fary: 418 x 436 x 430mm<\/div>\n","protected":false},"excerpt":{"rendered":"<p>Kvalitn\u00fd liatinov\u00fd spor\u00e1k na k\u00farenie drevom a dreven\u00fdmi briketami.<\/p>\n","protected":false},"featured_media":5276,"comment_status":"open","ping_status":"closed","template":"","meta":[],"product_brand":[],"product_cat":[216,218,219,263],"product_tag":[],"class_list":{"0":"post-5273","1":"product","2":"type-product","3":"status-publish","4":"has-post-thumbnail","6":"product_cat-sporaky","7":"product_cat-luxusne-sporaky","8":"product_cat-nordica-sporaky","9":"product_cat-akcie","11":"first","12":"instock","13":"taxable","14":"shipping-taxable","15":"purchasable","16":"product-type-simple"},"_links":{"self":[{"href":"https:\/\/flamaecol.sk\/en\/wp-json\/wp\/v2\/product\/5273","targetHints":{"allow":["GET"]}}],"collection":[{"href":"https:\/\/flamaecol.sk\/en\/wp-json\/wp\/v2\/product"}],"about":[{"href":"https:\/\/flamaecol.sk\/en\/wp-json\/wp\/v2\/types\/product"}],"replies":[{"embeddable":true,"href":"https:\/\/flamaecol.sk\/en\/wp-json\/wp\/v2\/comments?post=5273"}],"wp:featuredmedia":[{"embeddable":true,"href":"https:\/\/flamaecol.sk\/en\/wp-json\/wp\/v2\/media\/5276"}],"wp:attachment":[{"href":"https:\/\/flamaecol.sk\/en\/wp-json\/wp\/v2\/media?parent=5273"}],"wp:term":[{"taxonomy":"product_brand","embeddable":true,"href":"https:\/\/flamaecol.sk\/en\/wp-json\/wp\/v2\/product_brand?post=5273"},{"taxonomy":"product_cat","embeddable":true,"href":"https:\/\/flamaecol.sk\/en\/wp-json\/wp\/v2\/product_cat?post=5273"},{"taxonomy":"product_tag","embeddable":true,"href":"https:\/\/flamaecol.sk\/en\/wp-json\/wp\/v2\/product_tag?post=5273"}],"curies":[{"name":"wp","href":"https:\/\/api.w.org\/{rel}","templated":true}]}}