{"id":5261,"date":"2025-07-21T16:52:49","date_gmt":"2025-07-21T14:52:49","guid":{"rendered":"https:\/\/flamaecol.sk\/?post_type=product&#038;p=5261"},"modified":"2025-07-22T16:37:58","modified_gmt":"2025-07-22T14:37:58","slug":"la-nordica-larissa-2","status":"publish","type":"product","link":"https:\/\/flamaecol.sk\/en\/produkt\/la-nordica-larissa-2\/","title":{"rendered":"La Nordica Larissa"},"content":{"rendered":"<h2>La Nordica Larissa<\/h2>\n<p><span class=\"x3jgonx\">Krbov\u00e9 kachle LARISSA s\u00fa vybaven\u00e9 pokro\u010dil\u00fdm elektronick\u00fdm syst\u00e9mom, ktor\u00fd automaticky a efekt\u00edvne reguluje pr\u00edsun spa\u013eovacieho vzduchu a optimalizuje r\u00f4zne f\u00e1zy prev\u00e1dzky.<\/span><br \/>\n<span class=\"x3jgonx\">Po\u010das f\u00e1zy zapa\u013eovania syst\u00e9m prid\u00e1va viac prim\u00e1rneho vzduchu, \u010do pom\u00e1ha zr\u00fdchli\u0165 proces zapa\u013eovania. V f\u00e1ze spa\u013eovania potom reguluje spa\u013eovac\u00ed vzduch pre zv\u00fd\u0161enie efektivity, \u010do vedie k zn\u00ed\u017eeniu spotreby a emisi\u00ed.<\/span><br \/>\n<span class=\"x3jgonx\">Funkcia Eco m\u00f3du elektronick\u00e9ho syst\u00e9mu redukuje pr\u00edsuny spa\u013eovacieho vzduchu pod\u013ea presn\u00e9ho v\u00fdpo\u010dtu, aby udr\u017eovala hor\u00face uhl\u00edky \u010do najdlh\u0161ie. To nielen pom\u00e1ha udr\u017eiava\u0165 konzistentn\u00fa teplotu, ale tie\u017e u\u013eah\u010duje zap\u00e1lenie nov\u00fdch dreven\u00fdch polien po prilo\u017een\u00ed. <br class=\"avia-permanent-lb\" \/><\/span><br \/>\n<strong>Popis: <br class=\"avia-permanent-lb\" \/><\/strong><br \/>\n<span class=\"x3jgonx\">&#8211; \u010deln\u00e1 ventil\u00e1cia hor\u00faceho vzduchu do miestnosti<\/span><br \/>\n<span class=\"x3jgonx\">&#8211; kon\u0161trukcia zo smaltovanej liatiny<\/span><br \/>\n<span class=\"x3jgonx\">&#8211; integrovan\u00e1 elektronick\u00e1 riadiaca jednotka<\/span><br \/>\n<span class=\"x3jgonx\">&#8211; bezdr\u00f4tov\u00fd termostat<\/span><br \/>\n<span class=\"x3jgonx\">&#8211; dia\u013ekov\u00e9 ovl\u00e1danie<\/span><br \/>\n<span class=\"x3jgonx\">&#8211; \u013ead signaliz\u00e1cia a tla\u010didlo priamo na kachliach<\/span><br \/>\n<span class=\"x3jgonx\">&#8211; automatick\u00e1 regul\u00e1cia intenzity horenia<\/span><br \/>\n<span class=\"x3jgonx\">&#8211; celo-liatinov\u00e9 ohnisko s v\u00fdmurovkou NORDIKER<\/span><br \/>\n<span class=\"x3jgonx\">&#8211; dvojit\u00e9 spa\u013eovanie<\/span><br \/>\n<span class=\"x3jgonx\">&#8211; vysok\u00e1 \u00fa\u010dinnos\u0165 viac ako 85%<\/span><br \/>\n<span class=\"x3jgonx\">&#8211; odn\u00edmate\u013en\u00fd popoln\u00edk<\/span><br \/>\n<span class=\"x3jgonx\">&#8211; extern\u00fd pr\u00edvod vzduchu priamo do ohniska<\/span><br \/>\n<span class=\"x3jgonx\">&#8211; mo\u017enos\u0165 pripojenia Wi-Fi modulu pre ovl\u00e1danie cez mobiln\u00fd telef\u00f3n <br class=\"avia-permanent-lb\" \/><\/span><\/p>\n<div><strong>Technick\u00e9 parametre: <br class=\"avia-permanent-lb\" \/><\/strong><\/div>\n<div>Menovit\u00fd v\u00fdkon : 8 kw<\/div>\n<div>tepeln\u00fd rozsah: 5,1 &#8211; 9,3 kw<\/div>\n<div>Maxim\u00e1lna hodinov\u00e1 spotreba dreva: 1,3 &#8211; 2,5 kg \/ h<\/div>\n<div>Priemer dymovodu: 130 mm<\/div>\n<div>V\u00fdvod dymovodu: zadn\u00e9<\/div>\n<div>\u00da\u010dinnos\u0165: 85 %<\/div>\n<div>Hmotnos\u0165: 202 kg<\/div>\n<div>V\u00fd\u0161ka: 1226 mm<\/div>\n<div>\u0160\u00edrka: 628 mm<\/div>\n<div>H\u013abka: 527 mm<\/div>\n<div>Typ spa\u013eovania: Dvojit\u00e9<\/div>\n<div>Obklad:Smaltovan\u00e1 liatina<\/div>\n<div>Kon\u0161trukcie spa\u013eovacieho priestoru: Liatina ,Nordiker<\/div>\n<div>Mo\u017enos\u0165 napojenia na exterm\u00fd vzduch priemer 120mm<\/div>\n<div>Popoln\u00edk: Vyberate\u013en\u00fd<\/div>\n<div>Ve\u013ekos\u0165 polien: 330 mm<\/div>\n<div><\/div>\n","protected":false},"excerpt":{"rendered":"<p><span class=\"x3jgonx\">Larissa kachle s ventil\u00e1torom a automatickou regul\u00e1ciou.<\/span><\/p>\n","protected":false},"featured_media":5266,"comment_status":"closed","ping_status":"closed","template":"","meta":[],"product_brand":[],"product_cat":[196,198,205],"product_tag":[],"class_list":{"0":"post-5261","1":"product","2":"type-product","3":"status-publish","4":"has-post-thumbnail","6":"product_cat-liatinove-kachle","7":"product_cat-nordica","8":"product_cat-nordica-krbove-kachle","10":"first","11":"instock","12":"sale","13":"taxable","14":"shipping-taxable","15":"purchasable","16":"product-type-simple"},"_links":{"self":[{"href":"https:\/\/flamaecol.sk\/en\/wp-json\/wp\/v2\/product\/5261","targetHints":{"allow":["GET"]}}],"collection":[{"href":"https:\/\/flamaecol.sk\/en\/wp-json\/wp\/v2\/product"}],"about":[{"href":"https:\/\/flamaecol.sk\/en\/wp-json\/wp\/v2\/types\/product"}],"replies":[{"embeddable":true,"href":"https:\/\/flamaecol.sk\/en\/wp-json\/wp\/v2\/comments?post=5261"}],"wp:featuredmedia":[{"embeddable":true,"href":"https:\/\/flamaecol.sk\/en\/wp-json\/wp\/v2\/media\/5266"}],"wp:attachment":[{"href":"https:\/\/flamaecol.sk\/en\/wp-json\/wp\/v2\/media?parent=5261"}],"wp:term":[{"taxonomy":"product_brand","embeddable":true,"href":"https:\/\/flamaecol.sk\/en\/wp-json\/wp\/v2\/product_brand?post=5261"},{"taxonomy":"product_cat","embeddable":true,"href":"https:\/\/flamaecol.sk\/en\/wp-json\/wp\/v2\/product_cat?post=5261"},{"taxonomy":"product_tag","embeddable":true,"href":"https:\/\/flamaecol.sk\/en\/wp-json\/wp\/v2\/product_tag?post=5261"}],"curies":[{"name":"wp","href":"https:\/\/api.w.org\/{rel}","templated":true}]}}