{"id":4597,"date":"2025-01-27T12:54:22","date_gmt":"2025-01-27T10:54:22","guid":{"rendered":"https:\/\/flamaecol.sk\/?post_type=product&#038;p=4597"},"modified":"2025-01-28T15:07:46","modified_gmt":"2025-01-28T13:07:46","slug":"la-nordica-nova-forno-steel","status":"publish","type":"product","link":"https:\/\/flamaecol.sk\/en\/produkt\/la-nordica-nova-forno-steel\/","title":{"rendered":"La Nordica Nova Forno Steel"},"content":{"rendered":"<h2>Krbov\u00e9 kachle s r\u00farou Nova Forno Steel<\/h2>\n<div><\/div>\n<ul>\n<li>Energetick\u00e1 trieda A+<\/li>\n<li>liatinov\u00e9 dvierka s ve\u013ek\u00fdm presklen\u00edm<\/li>\n<li>Materi\u00e1l ohniska &#8211; liatina + Nordiker (Nordiker s\u00fa \u0161peci\u00e1lne \u017eiarobet\u00f3ny so svetl\u00fdm povrchom)<\/li>\n<li>Ve\u013emi vysok\u00e1 \u00fa\u010dinnos\u0165 86,4%<\/li>\n<li>Regulovate\u013en\u00fd prim\u00e1rny a sekund\u00e1rny vzduch<\/li>\n<li>Terci\u00e1lny vzduch je prednastaven\u00fd z v\u00fdroby<\/li>\n<li>Dvojpl\u00e1\u0161\u0165ov\u00e9 konvek\u010dn\u00e9 kachle<\/li>\n<li>Maxim\u00e1lne rozlo\u017eenie tepla po miestnosti<\/li>\n<li>Mo\u017enos\u0165 napojenia na extern\u00fd pr\u00edvod vzduchu<\/li>\n<li>Ergonomick\u00e9 madlo dvierok ohniska<\/li>\n<li>integrovan\u00e1 smaltovan\u00e1 r\u00fara s objemom 37 l<\/li>\n<li>smaltovan\u00e9 liatinov\u00e9 diely<\/li>\n<li>liatinov\u00e1 ohrievacia platni\u010dka<\/li>\n<li>obklad smaltovan\u00e1 oce\u013e<\/li>\n<li>akumul\u00e1cia tepla<\/li>\n<li>pohybliv\u00fd ro\u0161t <br class=\"avia-permanent-lb\" \/><br class=\"avia-permanent-lb\" \/><\/li>\n<\/ul>\n<div><\/div>\n<div><\/div>\n<div>TECHNICK\u00c9 PARAMETRE<\/div>\n<ul>\n<li>Menovit\u00fd v\u00fdkon do vzduchu: 11,8 kW<\/li>\n<li>Rozsah v\u00fdkonu (kW) 4 \u2013 13<\/li>\n<li>Maxim\u00e1lna hodinov\u00e1 spotreba dreva: 3,17 kg \/ h<\/li>\n<li>Priemer dymovodu: 150 mm<\/li>\n<li>V\u00fdvod dymovodu: Horn\u00e9<\/li>\n<li>\u00da\u010dinnos\u0165: 86,4%<\/li>\n<li>Hmotnos\u0165: 217 kg<\/li>\n<li>V\u00fdhrevnos\u0165 priestoru a\u017e 340 m\u00b3<\/li>\n<li>Priemer r\u00fary pre pr\u00edvod extern\u00e9ho vzduchu: 120<\/li>\n<li>V\u00fd\u0161ka: 1499 mm<\/li>\n<li>\u0160\u00edrka: 559 mm<\/li>\n<li>H\u013abka: 569 mm<\/li>\n<li>Typ spa\u013eovania: Trojstup\u0148ov\u00e9<\/li>\n<li>Obklad: smaltovan\u00e1 oce\u013e<\/li>\n<li>Kon\u0161trukcie spa\u013eovacieho priestoru: Liatina,Nordiker<\/li>\n<li>Typ ro\u0161tu: Pohybliv\u00fd<\/li>\n<li>Popoln\u00edk: Vyberate\u013en\u00fd<\/li>\n<li>Ve\u013ekos\u0165 polien: 300 mm<\/li>\n<li>Ve\u013ekos\u0165 r\u00fary (V x \u0160 x H) 300x330x370<\/li>\n<li>Prenos tepla: Konvek\u010dn\u00e9<\/li>\n<\/ul>\n","protected":false},"excerpt":{"rendered":"<p>Kachle s r\u00farou na pe\u010denie a platni\u010dkou na ohrev s oce\u013eov\u00fdm smaltovan\u00fdm obkladom.<\/p>\n","protected":false},"featured_media":4598,"comment_status":"closed","ping_status":"closed","template":"","meta":[],"product_brand":[],"product_cat":[201,205],"product_tag":[],"class_list":{"0":"post-4597","1":"product","2":"type-product","3":"status-publish","4":"has-post-thumbnail","6":"product_cat-krbove-kachle","7":"product_cat-nordica-krbove-kachle","9":"first","10":"instock","11":"taxable","12":"shipping-taxable","13":"purchasable","14":"product-type-simple"},"_links":{"self":[{"href":"https:\/\/flamaecol.sk\/en\/wp-json\/wp\/v2\/product\/4597","targetHints":{"allow":["GET"]}}],"collection":[{"href":"https:\/\/flamaecol.sk\/en\/wp-json\/wp\/v2\/product"}],"about":[{"href":"https:\/\/flamaecol.sk\/en\/wp-json\/wp\/v2\/types\/product"}],"replies":[{"embeddable":true,"href":"https:\/\/flamaecol.sk\/en\/wp-json\/wp\/v2\/comments?post=4597"}],"wp:featuredmedia":[{"embeddable":true,"href":"https:\/\/flamaecol.sk\/en\/wp-json\/wp\/v2\/media\/4598"}],"wp:attachment":[{"href":"https:\/\/flamaecol.sk\/en\/wp-json\/wp\/v2\/media?parent=4597"}],"wp:term":[{"taxonomy":"product_brand","embeddable":true,"href":"https:\/\/flamaecol.sk\/en\/wp-json\/wp\/v2\/product_brand?post=4597"},{"taxonomy":"product_cat","embeddable":true,"href":"https:\/\/flamaecol.sk\/en\/wp-json\/wp\/v2\/product_cat?post=4597"},{"taxonomy":"product_tag","embeddable":true,"href":"https:\/\/flamaecol.sk\/en\/wp-json\/wp\/v2\/product_tag?post=4597"}],"curies":[{"name":"wp","href":"https:\/\/api.w.org\/{rel}","templated":true}]}}