{"id":2702,"date":"2015-03-26T19:53:48","date_gmt":"2015-03-26T17:53:48","guid":{"rendered":"https:\/\/flamaecol.sk\/produkt\/arkianefayko-2\/"},"modified":"2015-03-26T19:53:48","modified_gmt":"2015-03-26T17:53:48","slug":"arkianefayko-2","status":"publish","type":"product","link":"https:\/\/flamaecol.sk\/en\/produkt\/arkianefayko-2\/","title":{"rendered":"Arkiane Fayko"},"content":{"rendered":"<h4>Arkiane Fayko<\/h4>\n<p><\/p>\n<p>Zapusten\u00e9 v stene<\/p>\n<\/p>\n<ul>\n<li>vlo\u017een\u00e9 do steny, alebo s prep\u00e1\u017ekou, vidite\u013en\u00e9 iba presklen\u00e9 prie\u010delie a oce\u013eov\u00fd obrys , Fayko prezentuje &nbsp;kr\u00e1su ako \u017eiv\u00e1 ma\u013eba . Magick\u00e9 oko, iris sa zap\u00e1li pod\u013ea V\u00e1\u0161ho \u017eelania.<\/li>\n<\/ul>\n<p><\/p>\n<p>Obojstrann\u00e9:<\/p>\n<\/p>\n<ul>\n<li>dve sklenen\u00e9 strany poskytuj\u00fa v\u00edziu a teplo oh\u0148a v dvoch r\u00f4znych miestnostiach alebo krb s konfigur\u00e1ciou jedna strana &nbsp;v\u013eavo &nbsp;alebo na pravej strane.<\/li>\n<\/ul>\n<p>Krb sk\u00f4r dvakr\u00e1t.<\/p>\n<p><\/p>\n<p>Na stenu<\/p>\n<p>Trojstrann\u00e1 so stojanom:<\/p>\n<\/p>\n<ul>\n<li>V s\u00falade s rustik\u00e1lnym interi\u00e9rom, Fayko &nbsp;objavilo ohe\u0148 v troch rozmeroch, pln\u00fd obraz pod\u013ea jeho ve\u013ekej presklenej \u010dasti a bo\u010dn\u00fdch cez okien.<\/li>\n<\/ul>\n<p>Pote\u0161en\u00edm pre oko .<\/p>\n<p><\/p>\n<p>Trojit\u00e9 presklenie bez stojanu:<\/p>\n<\/p>\n<ul>\n<li>Akoby sa vzn\u00e1\u0161al v tejto verzii na stene, Fayko uvo\u013en\u00ed priestor pod sebou, lep\u0161ie v\u00e1s o\u010dar\u00ed svojimi \u00fa\u017easnou estetikou.<\/li>\n<\/ul>\n<p><\/p>\n<p>Centralne zavesen\u00e9<\/p>\n<p>\u0160tvorstrann\u00e9 presklenie bez stojanu<\/p>\n<\/p>\n<ul>\n<li>V centre obytn\u00e9ho priestoru, Fayko pon\u00faka blahodarn\u00fd vplyv oh\u0148a vo v\u0161etk\u00fdch jeho dimenzi\u00e1ch a navy\u0161e nie\u010do, \u010do je v centre v\u00e1\u0161ho domova.<\/li>\n<\/ul>\n<p>Zdie\u013eanie okolo oh\u0148a s rodinou a priate\u013emi.<\/p>\n<p><\/p>\n<p>&#8211;&nbsp;\u0160tvorstrann\u00e9 presklenie v stene:<\/p>\n<\/p>\n<ul>\n<li>Na strane pri stene, Fayko odde\u013euje dva priestory s teplom . K\u00fdm zaber\u00e1 menej miesta v centr\u00e1lnej polohe, je v\u017edy pr\u00edtomn\u00fd vo va\u0161ej mysli.<\/li>\n<\/ul>\n<div><\/div>\n<div>Technick\u00e9 parametre :&nbsp;<\/div>\n<div><\/div>\n<div>\n<div>V\u00fdkon: 12 KW \/ H<\/div>\n<div>\u00da\u010dinnos\u0165 78,3%<\/div>\n<div>Vykurovan\u00fd objem miestnosti: 250 m3<\/div>\n<div>Hmotnos\u0165: 164 kg<\/div>\n<div>Materi\u00e1l: 3 mm oce\u013e CORTEN<\/div>\n<div>Povrchov\u00e1 \u00faprava: antracit farba s vysokou teplotou 900 \u00b0<\/div>\n<div>Sklo: 4 mm Hr\u00fabka keramick\u00e9 (750 \u00b0)<\/div>\n<div>keramick\u00e9 tesnenie<\/div>\n<div>Max. d\u013a\u017eka dreva 50cm<\/div>\n<div>Priemer extern\u00e9ho vzduchu 125mm<\/div>\n<div>Priemer dymovodu 230 mm<\/div>\n<div>Popoln\u00edk<\/div>\n<\/div>\n","protected":false},"excerpt":{"rendered":"<p>Arkiane Fayko Zapusten\u00e9 v stene vlo\u017een\u00e9 do steny, alebo s prep\u00e1\u017ekou, vidite\u013en\u00e9 iba presklen\u00e9 prie\u010delie a oce\u013eov\u00fd obrys , Fayko prezentuje &nbsp;kr\u00e1su ako \u017eiv\u00e1 ma\u013eba . Magick\u00e9 oko, iris sa zap\u00e1li pod\u013ea V\u00e1\u0161ho \u017eelania. Obojstrann\u00e9: dve sklenen\u00e9 strany poskytuj\u00fa v\u00edziu a teplo oh\u0148a v dvoch r\u00f4znych miestnostiach alebo krb s konfigur\u00e1ciou jedna strana &nbsp;v\u013eavo &nbsp;alebo [&hellip;]<\/p>\n","protected":false},"featured_media":2680,"comment_status":"open","ping_status":"closed","template":"","meta":[],"product_brand":[],"product_cat":[222,224],"product_tag":[],"class_list":{"0":"post-2702","1":"product","2":"type-product","3":"status-publish","4":"has-post-thumbnail","6":"product_cat-krbove-vlozky","7":"product_cat-arkaine","9":"first","10":"instock","11":"taxable","12":"shipping-taxable","13":"purchasable","14":"product-type-simple"},"_links":{"self":[{"href":"https:\/\/flamaecol.sk\/en\/wp-json\/wp\/v2\/product\/2702","targetHints":{"allow":["GET"]}}],"collection":[{"href":"https:\/\/flamaecol.sk\/en\/wp-json\/wp\/v2\/product"}],"about":[{"href":"https:\/\/flamaecol.sk\/en\/wp-json\/wp\/v2\/types\/product"}],"replies":[{"embeddable":true,"href":"https:\/\/flamaecol.sk\/en\/wp-json\/wp\/v2\/comments?post=2702"}],"wp:featuredmedia":[{"embeddable":true,"href":"https:\/\/flamaecol.sk\/en\/wp-json\/wp\/v2\/media\/2680"}],"wp:attachment":[{"href":"https:\/\/flamaecol.sk\/en\/wp-json\/wp\/v2\/media?parent=2702"}],"wp:term":[{"taxonomy":"product_brand","embeddable":true,"href":"https:\/\/flamaecol.sk\/en\/wp-json\/wp\/v2\/product_brand?post=2702"},{"taxonomy":"product_cat","embeddable":true,"href":"https:\/\/flamaecol.sk\/en\/wp-json\/wp\/v2\/product_cat?post=2702"},{"taxonomy":"product_tag","embeddable":true,"href":"https:\/\/flamaecol.sk\/en\/wp-json\/wp\/v2\/product_tag?post=2702"}],"curies":[{"name":"wp","href":"https:\/\/api.w.org\/{rel}","templated":true}]}}